{"id":8666,"date":"2022-09-29T10:03:17","date_gmt":"2022-09-29T10:03:17","guid":{"rendered":"https:\/\/franceblues.com\/?page_id=8666"},"modified":"2022-10-14T04:45:39","modified_gmt":"2022-10-14T04:45:39","slug":"blues-hall-of-fame-2022-jean-guillermo","status":"publish","type":"page","link":"https:\/\/franceblues.com\/?page_id=8666","title":{"rendered":"Blues Hall Of Fame \u2013 2022 \u2013 JEAN GUILLERMO"},"content":{"rendered":"<p style=\"text-align: justify;\"><img fetchpriority=\"high\" decoding=\"async\" class=\"alignleft size-medium wp-image-8670\" src=\"https:\/\/franceblues.com\/wordpress\/wp-content\/uploads\/2022\/09\/jean1-200x300.jpg\" alt=\"jean1\" width=\"200\" height=\"300\" srcset=\"https:\/\/franceblues.com\/wordpress\/wp-content\/uploads\/2022\/09\/jean1-200x300.jpg 200w, https:\/\/franceblues.com\/wordpress\/wp-content\/uploads\/2022\/09\/jean1.jpg 346w\" sizes=\"(max-width: 200px) 100vw, 200px\" \/>N\u00e9 en 1940, int\u00e9ress\u00e9 par des formes d\u2019expressions culturelles aussi vari\u00e9es que le cin\u00e9ma, la danse contemporaine, le th\u00e9\u00e2tre, le jazz \u2026 Jean Guillermo d\u00e9couvre lors de la pr\u00e9retraite, l\u2019engagement associatif comme secr\u00e9taire de feu le Centre d\u2019Actions Culturelles de Mantes la Jolie. La mission prioritaire confi\u00e9e par la Municipalit\u00e9 \u00e0 cette association \u00e9tait la socialisation des jeunes par la musique.<\/p>\n<p style=\"text-align: justify;\">C\u2019est dans ce contexte qu\u2019est cr\u00e9\u00e9 le Festival \u00ab Blues sur Seine \u00bb dont il assurera le lancement en 1999 avec le soutien du directeur, Jo\u00ebl Le Crosnier. Le positionnement est original, la m\u00eame importance \u00e9tant donn\u00e9e \u00e0 la diffusion artistique qu\u2019aux initiatives sociales, \u00e9ducatives et scolaires. Le projet se veut interg\u00e9n\u00e9rationnel, touchant toutes les classes sociales et concernant, d\u00e8s sa premi\u00e8re \u00e9dition, un bassin de vie de 6 communes port\u00e9 depuis \u00e0 plus de 30. Le festival investit salles de spectacles, \u00e9glises, ch\u00e2teau, auditorium d\u2019entreprise mais aussi \u00e9coles primaires, coll\u00e8ges, lyc\u00e9es, IUT, foyer de jeunes travailleurs, prisons, maisons de retraite, instituts m\u00e9dico p\u00e9dagogique et de r\u00e9\u00e9ducation physique, biblioth\u00e8ques, foyers sociaux\u2026<\/p>\n<p style=\"text-align: justify;\">Pr\u00e9sident puis vice-pr\u00e9sident du festival, l\u2019engagement b\u00e9n\u00e9vole sera pour lui un plein temps pendant 12 ans, et sa fiert\u00e9 aura \u00e9t\u00e9 d\u2019avoir contribu\u00e9 \u00e0 la cr\u00e9ation progressive de 4 postes salari\u00e9s.<br \/>\nLa programmation fera appel non seulement \u00e0 des artistes am\u00e9ricains et fran\u00e7ais mais aussi \u00e0 de nombreux groupes europ\u00e9ens, canadiens voire argentins, russes, australiens\u2026<\/p>\n<p style=\"text-align: justify;\">Un tremplin national jeunes talents est cr\u00e9\u00e9, un jumelage avec le FestiBlues International de Montr\u00e9al mis en place avec \u00e9changes d\u2019artistes, de salari\u00e9s, de b\u00e9n\u00e9voles.<\/p>\n<p style=\"text-align: justify;\">La reconnaissance se manifestera en 2008 par l\u2019attribution, pour la premi\u00e8re fois en France, d\u2019un Keeping The Blues Alive Award \u00e0 Blues sur Seine par la Blues Foundation.<\/p>\n<p style=\"text-align: justify;\">Adepte du travail en r\u00e9seau, Jean Guillermo propose en 2003 la cr\u00e9ation du \u00ab Comit\u00e9 de liaison Blues \u00bb r\u00e9unissant 12 festivals, structure dont il assurera la pr\u00e9sidence pendant 2 ans. Cette initiative a constitu\u00e9 la pr\u00e9figuration de France Blues, et a permis de mettre en avant des artistes fran\u00e7ais et une communication grand public, crois\u00e9e entre les participants.<\/p>\n<p style=\"text-align: justify;\">Dans le m\u00eame esprit, apr\u00e8s avoir particip\u00e9 \u00e0 trois rencontres europ\u00e9ennes d\u2019organisateurs blues, il s\u2019engage comme l\u2019un des 6 fondateurs pour cr\u00e9er en 2011 l\u2019European Blues Union, dont il sera vice-pr\u00e9sident jusqu\u2019en 2017.<\/p>\n<p style=\"text-align: justify;\"><img decoding=\"async\" class=\"alignleft size-full wp-image-8669\" src=\"https:\/\/franceblues.com\/wordpress\/wp-content\/uploads\/2022\/09\/jean2.jpg\" alt=\"jean2\" width=\"264\" height=\"299\" \/>En janvier de la m\u00eame ann\u00e9e 2011, il propose \u00e0 une douzaine d\u2019amis de cr\u00e9er France Blues dont il sera pr\u00e9sident jusqu\u2019en 2016 puis vice-pr\u00e9sident jusqu\u2019en 2018. Des professionnels (artistes, festivals, media sp\u00e9cialis\u00e9s) rejoignent ensuite le conseil d\u2019administration. Un site internet r\u00e9actif est lanc\u00e9, un annuaire mis en ligne, un Challenge Blues Fran\u00e7ais est organis\u00e9 \u00e0 partir de 2014, des artistes pris en charge financi\u00e8rement pour repr\u00e9senter la France dans les concours internationaux \u00e0 Memphis et en Europe (France Blues a organis\u00e9 la 3\u00e8me \u00e9dition de l\u2019European Blues Challenge \u00e0 Toulouse en liaison avec la Toulouse Blues Society).<\/p>\n<p style=\"text-align: justify;\">En 2018, Jean Guillermo recevra un Blues Behind The Scenes Award de la part de l\u2019European Blues Union, r\u00e9compense qui soulignera son tr\u00e8s grand engagement pour le d\u00e9veloppement du blues au niveau continental. L\u2019ann\u00e9e suivante, c\u2019est la Blues Foundation qui le mettra une fois encore \u00e0 l\u2019honneur en lui remettent un Keeping The Blues Alive Award, mais \u00e0 titre personnel cette fois.<\/p>\n<p style=\"text-align: justify;\">Unanimement reconnu et salu\u00e9 au niveau national et international, Jean Guillermo s\u2019est impos\u00e9 d\u00e8s la fin des ann\u00e9es 90 comme la cheville ouvri\u00e8re qui a permis non seulement \u00e0 un nouveau public de s\u2019ouvrir au blues mais aussi au blues fran\u00e7ais de s\u2019ouvrir en grand sur le reste du monde.<\/p>\n<p style=\"text-align: justify;\"><strong>R\u00e9compenses<\/strong><\/p>\n<p style=\"text-align: justify;\">2008 \u2013 Keeping The Blues Alive Award (Blues-sur-Seine)<br \/>\n2008 \u2013 Prix Sp\u00e9cial FestiBlues International de Montr\u00e9al en 2008<br \/>\n2018 \u2013 Blues Behind The Scenes Award<br \/>\n2019 \u2013 Keeping The Blues Alive Award<\/p>\n<p><center><img decoding=\"async\" class=\"aligncenter size-medium wp-image-8668\" src=\"https:\/\/franceblues.com\/wordpress\/wp-content\/uploads\/2022\/09\/jean3-300x199.jpg\" alt=\"jean3\" width=\"300\" height=\"199\" srcset=\"https:\/\/franceblues.com\/wordpress\/wp-content\/uploads\/2022\/09\/jean3-300x199.jpg 300w, https:\/\/franceblues.com\/wordpress\/wp-content\/uploads\/2022\/09\/jean3.jpg 375w\" sizes=\"(max-width: 300px) 100vw, 300px\" \/><\/center>&nbsp;<\/p>\n","protected":false},"excerpt":{"rendered":"<p>N\u00e9 en 1940, int\u00e9ress\u00e9 par des formes d\u2019expressions culturelles aussi vari\u00e9es que le cin\u00e9ma, la danse contemporaine, le th\u00e9\u00e2tre, le jazz \u2026 Jean Guillermo d\u00e9couvre lors de la pr\u00e9retraite, l\u2019engagement associatif comme secr\u00e9taire de feu le Centre d\u2019Actions Culturelles de Mantes la Jolie. La mission prioritaire confi\u00e9e par la Municipalit\u00e9 \u00e0 cette association \u00e9tait la [&hellip;]<\/p>\n","protected":false},"author":2,"featured_media":0,"parent":7210,"menu_order":0,"comment_status":"open","ping_status":"open","template":"","meta":{"footnotes":""},"class_list":["post-8666","page","type-page","status-publish","hentry"],"_links":{"self":[{"href":"https:\/\/franceblues.com\/index.php?rest_route=\/wp\/v2\/pages\/8666","targetHints":{"allow":["GET"]}}],"collection":[{"href":"https:\/\/franceblues.com\/index.php?rest_route=\/wp\/v2\/pages"}],"about":[{"href":"https:\/\/franceblues.com\/index.php?rest_route=\/wp\/v2\/types\/page"}],"author":[{"embeddable":true,"href":"https:\/\/franceblues.com\/index.php?rest_route=\/wp\/v2\/users\/2"}],"replies":[{"embeddable":true,"href":"https:\/\/franceblues.com\/index.php?rest_route=%2Fwp%2Fv2%2Fcomments&post=8666"}],"version-history":[{"count":6,"href":"https:\/\/franceblues.com\/index.php?rest_route=\/wp\/v2\/pages\/8666\/revisions"}],"predecessor-version":[{"id":8693,"href":"https:\/\/franceblues.com\/index.php?rest_route=\/wp\/v2\/pages\/8666\/revisions\/8693"}],"up":[{"embeddable":true,"href":"https:\/\/franceblues.com\/index.php?rest_route=\/wp\/v2\/pages\/7210"}],"wp:attachment":[{"href":"https:\/\/franceblues.com\/index.php?rest_route=%2Fwp%2Fv2%2Fmedia&parent=8666"}],"curies":[{"name":"wp","href":"https:\/\/api.w.org\/{rel}","templated":true}]}}